{"id":15,"date":"2012-03-19T15:53:30","date_gmt":"2012-03-19T15:53:30","guid":{"rendered":"http:\/\/www.beate-winter.de\/wordpress\/?page_id=15"},"modified":"2016-02-20T11:51:12","modified_gmt":"2016-02-20T11:51:12","slug":"vita","status":"publish","type":"page","link":"https:\/\/www.beate-winter.de\/wordpress\/?page_id=15","title":{"rendered":"Vita"},"content":{"rendered":"<div class=\"left_column\">1972<\/div>\n<div class=\"right_column\">\tgeboren als Beate Hakel in M\u00fcnchen-Bogenhausen als \u00c4lteste von 6 Kindern<\/div>\n<div class=\"left_column\">1979-1983<\/div>\n<div class=\"right_column\">\tGrundschule in Kirchseeon und Petershausen (Bayern)<\/div>\n<div class=\"left_column\">1983-1990<\/div>\n<div class=\"right_column\">\tSt. Thomas &#8211; Gymnasium (musischer Zweig)in Wettenhausen\/Schwaben und seither Klavier-, Orgel- und Gesangsunterricht.<\/div>\n<div class=\"left_column\">seit 1987<\/div>\n<div class=\"right_column\">Mitglied des Chores &#8222;Camerata Vocale G\u00fcnzburg e.V.&#8220; und Teilnahme an Konzerten und Auftritten im In- und Ausland (G\u00fcnzburg, Ichenhausen, Krumbach, Kempten, Mannheim\/Heidelberg &#8211; Mozartkongress, u.a.; europ. Ausland: Budapest, Esztergom, Pecs\/Kammerchorwettbewerb)<\/div>\n<div class=\"left_column\">1991<\/div>\n<div class=\"right_column\">Teilnahme am Nachwuchsforum der Stadt Dachau (&#8222;Goldener Notenschl\u00fcssel&#8220;)<\/div>\n<div class=\"left_column\">1991-1993<\/div>\n<div class=\"right_column\">Berufsfachschule f\u00fcr Musik in Krumbach\/Schwaben mit Hauptfach Gesang bei Gisela Krenkel (zahlreiche Auff\u00fchrungen: u.a. Carmina Burana, K\u00f6nig David) Neben der Ausbildung bereits Unterrichtserfahrung durch Privatsch\u00fcler<\/div>\n<div class=\"left_column\">1993<\/div>\n<div class=\"right_column\">Abschluss als staatlich gepr\u00fcfte Leiterin in der Laienmusik und Singschullehrerin<\/div>\n<div class=\"left_column\">1993-1998<\/div>\n<div class=\"right_column\">Richard-Strauss-Konservatorium in M\u00fcnchen mit Haupfach Gesang: Ausbildung bei Kammers\u00e4ngerin Gudrun Wewezow (studierte Examenspartien: Amneris, Waltraute, Erda)<br \/>\nW\u00e4hrend des Studiums Besuch der Opernschule unter Leitung von Wolf Busse<br \/>\nMitwirken bei mehreren Opernschulproduktionen u.a. Szenen aus &#8222;H\u00e4nsel und Gretel&#8220; (H\u00e4nsel), Partie der Filipjewna(Eugen Onegin) konzertant aufgef\u00fchrt, ein Faschingskonzert und im Chor der Opernschule (Gastspiele in Verona)<br \/>\nKurse bei N.Hillebrandt (Oratorium), B. Wendt (Lied), G. Wewezow und J. Kaufmann (Oper), Korrepition bei Ulrich Weder<br \/>\nFortf\u00fchrung des Gesangsunterrichtes f\u00fcr Privatsch\u00fcler w\u00e4hrend des Studiums<br \/>\nNeben dem Studium (seit 1995) Mitglied des Extrachores der Bayerischen Staatsoper M\u00fcnchen und Teilnahme an den Produktionen &#8222;Boris Godunov&#8220;, &#8222;Aida&#8220; und &#8222;Die Meistersinger von N\u00fcrnberg&#8220;<\/div>\n<div class=\"left_column\">1998<\/div>\n<div class=\"right_column\">Erfolgreicher Abschluss mit dem Opernexamen <\/div>\n<h2>Beruflicher Werdegang<\/h2>\n<div class=\"left_column\">1998-2002<\/div>\n<div class=\"right_column\">II. Altistin (Chor) am Deutschen National Theater Weimar<br \/>(solistische Aufgaben u.a.: Blumenm\u00e4dchen in Figaros Hochzeit)<\/div>\n<div class=\"left_column\">2002-2004<\/div>\n<div class=\"right_column\">II. Altistin (Chor) an der Hamburgischen Staatsoper<\/div>\n<div class=\"left_column\">2005-2006<\/div>\n<div class=\"right_column\">Gesangslehrerin an der Musikschule Altdorf bei Landshut<\/div>\n<div class=\"left_column\">seit 03\/2005<\/div>\n<div class=\"right_column\">Mitglied des M\u00fcnchner Tonk\u00fcnstlerverbandes<\/div>\n<div class=\"left_column\">2005-2007<\/div>\n<div class=\"right_column\">Gesangslehrerin an der Musikschule N\u00f6rdlingen<\/div>\n<div class=\"left_column\">2008-2013<\/div>\n<div class=\"right_column\">Gesangslehrerin bei 3klang e.V. <\/div>\n<div class=\"left_column\">2007-2016<\/div>\n<div class=\"right_column\">Stimmbildnerin in St. Michael in der M\u00fcnchner Innenstadt<\/div>\n<h2>Auswahl Solorepertoire (geistlich)<\/h2>\n<div class=\"left_column\">J.S.Bach<\/div>\n<div class=\"right_column\">Magnificat, Matth\u00e4uspassion, Weihnachtsoratorium<br \/>\nKantaten BWV 80 Ein feste Burg, BWV 124 Meinen Jesum la\u00df ich nicht<\/div>\n<div class=\"left_column\">L.v.Beethoven<\/div>\n<div class=\"right_column\">Messe C-Dur<\/div>\n<div class=\"left_column\">A. Bruckner<\/div>\n<div class=\"right_column\">Messe d-moll und f-moll<\/div>\n<div class=\"left_column\">J. Haas <\/div>\n<div class=\"right_column\">Christnacht<\/div>\n<div class=\"left_column\">J. Haydn    <\/div>\n<div class=\"right_column\">Nikolai-, Pauken-, Nelson-, Theresien-, Sch\u00f6pfungs-, Heilig- und Harmonie-Messe, Stabat Mater<\/div>\n<div class=\"left_column\">M.Haydn<\/div>\n<div class=\"right_column\">Messe C-Dur (Jubil\u00e4umsmesse)<\/div>\n<div class=\"left_column\">K. Kempter<\/div>\n<div class=\"right_column\">Pastoralmesse<\/div>\n<div class=\"left_column\">O. di Lasso  <\/div>\n<div class=\"right_column\">Missa octavi toni<\/div>\n<div class=\"left_column\">F.Mend.-Barth.<\/div>\n<div class=\"right_column\">Elias<br \/>\nGeistliche Lieder op. 96 f\u00fcr Alt<\/div>\n<div class=\"left_column\">W.A. Mozart<\/div>\n<div class=\"right_column\">Requiem<br \/>Dominicus-, Spatzen-, Orgelsolo-, Kr\u00f6nungsmesse, div. Missae breves, Regina coeli, Alma dei creatoris<\/div>\n<div class=\"left_column\">G.B. Pergolesi   <\/div>\n<div class=\"right_column\">Stabat Mater<\/div>\n<div class=\"left_column\">H. Sch\u00fctz  <\/div>\n<div class=\"right_column\">Musikalische Exequien<\/div>\n<div class=\"left_column\">A. Dvorak <\/div>\n<div class=\"right_column\">Biblische Lieder<\/div>\n<h2>Opernchorpartien<\/h2>\n<div class=\"left_column\">H. Berlioz<\/div>\n<div class=\"right_column\">Fausts Verdammnis<\/div>\n<div class=\"left_column\">G. Bizet  <\/div>\n<div class=\"right_column\">Carmen<\/div>\n<div class=\"left_column\">Ch. Gounod   <\/div>\n<div class=\"right_column\">Margarethe<\/div>\n<div class=\"left_column\">P. Hindemith<\/div>\n<div class=\"right_column\"> Mathis der Maler<\/div>\n<div class=\"left_column\">Gia Kancheli<\/div>\n<div class=\"right_column\">Musik f\u00fcr die Lebenden (dt. Urauff\u00fchrung)<\/div>\n<div class=\"left_column\">R. Leoncavallo <\/div>\n<div class=\"right_column\">Pagliacci<\/div>\n<div class=\"left_column\">A. Lortzing<\/div>\n<div class=\"right_column\">Zar und Zimmermann<\/div>\n<div class=\"left_column\">P. Mascagni<\/div>\n<div class=\"right_column\">Cavalleria Rusticana<\/div>\n<div class=\"left_column\">W. A. Mozart <\/div>\n<div class=\"right_column\">Entf\u00fchrung aus dem Serail,  Don Giovanni, Die Zauberfl\u00f6te,<br \/> Le nozze di Figaro (mit Solo 2. Brautm\u00e4dchen in der A-Besetzung),<br \/>La clemenza di Tito<\/div>\n<div class=\"left_column\">M. Mussorgskij<\/div>\n<div class=\"right_column\">Boris Godunow <\/div>\n<div class=\"left_column\">O. Nicolai<\/div>\n<div class=\"right_column\">Die lustigen Weiber von Windsor (braune Hanne,  A-Besetzung)<\/div>\n<div class=\"left_column\">S. Prokofjew<\/div>\n<div class=\"right_column\">Die Liebe zu den drei Orangen<\/div>\n<div class=\"left_column\">G. Puccini <\/div>\n<div class=\"right_column\">La Boh\u00e8me, Tosca, Madame Butterfly, Turandot<\/div>\n<div class=\"left_column\">R. Strauss <\/div>\n<div class=\"right_column\">Der Rosenkavalier <\/div>\n<div class=\"left_column\">P. Tschaikowskij<\/div>\n<div class=\"right_column\">Eugen Onegin, Pique Dame<\/div>\n<div class=\"left_column\">G. Verdi<\/div>\n<div class=\"right_column\">Il Trovatore, La Traviata, Un ballo in Maschera, Don Carlos, Aida, Otello<\/div>\n<div class=\"left_column\">R. Wagner <\/div>\n<div class=\"right_column\">Der fliegende Holl\u00e4nder, Tannh\u00e4user, Lohengrin, Parsifal, Die Meistersinger von N\u00fcrnberg<\/div>\n<div class=\"left_column\">C. M.v. Weber <\/div>\n<div class=\"right_column\">Der Freisch\u00fctz<\/div>\n","protected":false},"excerpt":{"rendered":"<p>1972 geboren als Beate Hakel in M\u00fcnchen-Bogenhausen als \u00c4lteste von 6 Kindern 1979-1983 Grundschule in Kirchseeon und Petershausen (Bayern) 1983-1990 St. Thomas &#8211; Gymnasium (musischer Zweig)in Wettenhausen\/Schwaben und seither Klavier-, Orgel- und Gesangsunterricht. seit 1987 Mitglied des Chores &#8222;Camerata Vocale G\u00fcnzburg e.V.&#8220; und Teilnahme an Konzerten und Auftritten im In- und Ausland (G\u00fcnzburg, Ichenhausen, Krumbach, [&hellip;]<\/p>\n","protected":false},"author":1,"featured_media":0,"parent":0,"menu_order":2,"comment_status":"open","ping_status":"closed","template":"","meta":[],"_links":{"self":[{"href":"https:\/\/www.beate-winter.de\/wordpress\/index.php?rest_route=\/wp\/v2\/pages\/15"}],"collection":[{"href":"https:\/\/www.beate-winter.de\/wordpress\/index.php?rest_route=\/wp\/v2\/pages"}],"about":[{"href":"https:\/\/www.beate-winter.de\/wordpress\/index.php?rest_route=\/wp\/v2\/types\/page"}],"author":[{"embeddable":true,"href":"https:\/\/www.beate-winter.de\/wordpress\/index.php?rest_route=\/wp\/v2\/users\/1"}],"replies":[{"embeddable":true,"href":"https:\/\/www.beate-winter.de\/wordpress\/index.php?rest_route=%2Fwp%2Fv2%2Fcomments&post=15"}],"version-history":[{"count":9,"href":"https:\/\/www.beate-winter.de\/wordpress\/index.php?rest_route=\/wp\/v2\/pages\/15\/revisions"}],"predecessor-version":[{"id":168,"href":"https:\/\/www.beate-winter.de\/wordpress\/index.php?rest_route=\/wp\/v2\/pages\/15\/revisions\/168"}],"wp:attachment":[{"href":"https:\/\/www.beate-winter.de\/wordpress\/index.php?rest_route=%2Fwp%2Fv2%2Fmedia&parent=15"}],"curies":[{"name":"wp","href":"https:\/\/api.w.org\/{rel}","templated":true}]}}